{"id":96,"date":"2010-10-01T09:37:14","date_gmt":"2010-10-01T09:37:14","guid":{"rendered":"http:\/\/www.chapelle-montligeon.fr\/?page_id=96"},"modified":"2018-10-01T08:01:13","modified_gmt":"2018-10-01T08:01:13","slug":"randonnees-pedestres","status":"publish","type":"page","link":"https:\/\/www.chapelle-montligeon.fr\/?page_id=96","title":{"rendered":"Randonn\u00e9es au d\u00e9part de La Chapelle Montligeon"},"content":{"rendered":"<h1 style=\"text-align: center;\"><strong><span style=\"color: #339966;\">RANDONN\u00c9ES P\u00c9DESTRES\u00a0\u00a0\u00a0\u00a0 <\/span><\/strong><\/h1>\n<h1 style=\"text-align: center;\"><strong><span style=\"color: #339966;\"><img loading=\"lazy\" decoding=\"async\" class=\"size-medium wp-image-1766 aligncenter\" src=\"https:\/\/www.chapelle-montligeon.fr\/wp-content\/uploads\/La-Chapelle-Montligeon-02-300x225.jpg\" alt=\"\" width=\"300\" height=\"225\" srcset=\"https:\/\/www.chapelle-montligeon.fr\/wp-content\/uploads\/La-Chapelle-Montligeon-02-300x225.jpg 300w, https:\/\/www.chapelle-montligeon.fr\/wp-content\/uploads\/La-Chapelle-Montligeon-02-768x576.jpg 768w, https:\/\/www.chapelle-montligeon.fr\/wp-content\/uploads\/La-Chapelle-Montligeon-02-600x450.jpg 600w\" sizes=\"auto, (max-width: 300px) 100vw, 300px\" \/><\/span><\/strong><\/h1>\n<h4><\/h4>\n<h4 style=\"text-align: center;\"><strong><span style=\"color: #000000;\">5 ITIN\u00c9RAIRES DE PROMENADES ET RANDONN\u00c9ES<\/span><\/strong><\/h4>\n<p style=\"text-align: center;\">Chaque itin\u00e9raire comporte une d\u00e9nomination (que l&rsquo;on retrouve sur un panneau de balisage aux bifurcations de circuits sur l&rsquo;ensemble du Massif R\u00e9no-Valdieu), un kilom\u00e9trage et une dur\u00e9e moyenne de marche. Cette\u00a0dur\u00e9e correspond \u00e0 une marche accomplie \u00e0 la vitesse d&rsquo;environ 3,5 kms\/heure.\u00a0Il\u00a0est pr\u00e9f\u00e9rable de\u00a0respecter le sens du parcours propos\u00e9 avec le descriptif.<\/p>\n<p>&nbsp;<\/p>\n<p><img loading=\"lazy\" decoding=\"async\" class=\"size-medium wp-image-1767 alignleft\" src=\"https:\/\/www.chapelle-montligeon.fr\/wp-content\/uploads\/Le-G\u00eete-300x225.jpg\" alt=\"\" width=\"300\" height=\"225\" srcset=\"https:\/\/www.chapelle-montligeon.fr\/wp-content\/uploads\/Le-G\u00eete-300x225.jpg 300w, https:\/\/www.chapelle-montligeon.fr\/wp-content\/uploads\/Le-G\u00eete-768x576.jpg 768w, https:\/\/www.chapelle-montligeon.fr\/wp-content\/uploads\/Le-G\u00eete-600x450.jpg 600w\" sizes=\"auto, (max-width: 300px) 100vw, 300px\" \/><\/p>\n<p>&nbsp;<\/p>\n<h3><strong><em>Le G\u00eete \u00ab\u00a0Les Bruy\u00e8res\u00a0\u00bb<\/em><\/strong><\/h3>\n<p>Circuit de 3 kms &#8211; 50 minutes<\/p>\n<p><a href=\"https:\/\/www.chapelle-montligeon.fr\/wp-content\/uploads\/carte-Le-Gite-Les-Bruy\u00e8res.pdf\">carte Le Gite Les Bruy\u00e8res<\/a><\/p>\n<p><a href=\"https:\/\/www.chapelle-montligeon.fr\/wp-content\/uploads\/Fiche-randonn\u00e9e-Le-G\u00eete-Les-Bruy\u00e8res.pdf\">Fiche randonn\u00e9e Le G\u00eete Les Bruy\u00e8res<\/a><\/p>\n<p>&nbsp;<\/p>\n<p>&nbsp;<\/p>\n<p><img loading=\"lazy\" decoding=\"async\" class=\"size-medium wp-image-1768 alignleft\" src=\"https:\/\/www.chapelle-montligeon.fr\/wp-content\/uploads\/Le-Mont-Ligeon-300x225.jpg\" alt=\"\" width=\"300\" height=\"225\" srcset=\"https:\/\/www.chapelle-montligeon.fr\/wp-content\/uploads\/Le-Mont-Ligeon-300x225.jpg 300w, https:\/\/www.chapelle-montligeon.fr\/wp-content\/uploads\/Le-Mont-Ligeon-768x576.jpg 768w, https:\/\/www.chapelle-montligeon.fr\/wp-content\/uploads\/Le-Mont-Ligeon-600x450.jpg 600w\" sizes=\"auto, (max-width: 300px) 100vw, 300px\" \/><\/p>\n<p>&nbsp;<\/p>\n<h3><em><strong>Le Mont Ligeon<\/strong><\/em><\/h3>\n<p>Circuit de 5 kms &#8211; 1h30<\/p>\n<p><a href=\"https:\/\/www.chapelle-montligeon.fr\/wp-content\/uploads\/carte-Le-Mont-Ligeon.pdf\">carte Le Mont Ligeon<\/a><\/p>\n<p><a href=\"https:\/\/www.chapelle-montligeon.fr\/wp-content\/uploads\/Fiche-randonn\u00e9e-Le-Mont-Ligeon.pdf\">Fiche randonn\u00e9e Le Mont Ligeon<\/a><\/p>\n<p>&nbsp;<\/p>\n<p>&nbsp;<\/p>\n<p><img loading=\"lazy\" decoding=\"async\" class=\"size-medium wp-image-1769 alignleft\" src=\"https:\/\/www.chapelle-montligeon.fr\/wp-content\/uploads\/ambiance-300x200.jpg\" alt=\"\" width=\"300\" height=\"200\" srcset=\"https:\/\/www.chapelle-montligeon.fr\/wp-content\/uploads\/ambiance-300x200.jpg 300w, https:\/\/www.chapelle-montligeon.fr\/wp-content\/uploads\/ambiance-768x512.jpg 768w, https:\/\/www.chapelle-montligeon.fr\/wp-content\/uploads\/ambiance-600x400.jpg 600w\" sizes=\"auto, (max-width: 300px) 100vw, 300px\" \/><\/p>\n<h3><\/h3>\n<h3><strong><em>La Chute de Beillard<\/em><\/strong><\/h3>\n<p>Circuit de 6 kms &#8211; 1h45\u00a0 (d\u00e9part de Saint Mard de R\u00e9no ou de La Chapelle Montligeon)<\/p>\n<p><a href=\"https:\/\/www.chapelle-montligeon.fr\/wp-content\/uploads\/carte-La-Chute-de-Beillard.pdf\">carte La Chute de Beillard<\/a><\/p>\n<p><a href=\"https:\/\/www.chapelle-montligeon.fr\/wp-content\/uploads\/Fiche-randonn\u00e9e-La-Chute-de-Beillard.pdf\">Fiche randonn\u00e9e La Chute de Beillard<\/a><\/p>\n<p>&nbsp;<\/p>\n<p><img loading=\"lazy\" decoding=\"async\" class=\"size-medium wp-image-1770 alignleft\" src=\"https:\/\/www.chapelle-montligeon.fr\/wp-content\/uploads\/DSCN2951-e1537535302913-225x300.jpg\" alt=\"\" width=\"225\" height=\"300\" srcset=\"https:\/\/www.chapelle-montligeon.fr\/wp-content\/uploads\/DSCN2951-e1537535302913-225x300.jpg 225w, https:\/\/www.chapelle-montligeon.fr\/wp-content\/uploads\/DSCN2951-e1537535302913-768x1024.jpg 768w, https:\/\/www.chapelle-montligeon.fr\/wp-content\/uploads\/DSCN2951-e1537535302913-450x600.jpg 450w\" sizes=\"auto, (max-width: 225px) 100vw, 225px\" \/><\/p>\n<h3><\/h3>\n<h3><em><strong>La Ligne du Tram<\/strong><\/em><\/h3>\n<p>Circuit de 9 kms &#8211; 2h30<\/p>\n<p><a href=\"https:\/\/www.chapelle-montligeon.fr\/wp-content\/uploads\/carte-La-Ligne-du-Tram.pdf\">carte La Ligne du Tram<\/a><\/p>\n<p><a href=\"https:\/\/www.chapelle-montligeon.fr\/wp-content\/uploads\/Fiche-randonn\u00e9e-La-Ligne-du-Tram.pdf\">Fiche randonn\u00e9e La Ligne du Tram<\/a><\/p>\n<p>&nbsp;<\/p>\n<p>&nbsp;<\/p>\n<p>&nbsp;<\/p>\n<p>&nbsp;<\/p>\n<p><img loading=\"lazy\" decoding=\"async\" class=\"size-medium wp-image-1771 alignleft\" src=\"https:\/\/www.chapelle-montligeon.fr\/wp-content\/uploads\/DSCN2966-300x225.jpg\" alt=\"\" width=\"300\" height=\"225\" srcset=\"https:\/\/www.chapelle-montligeon.fr\/wp-content\/uploads\/DSCN2966-300x225.jpg 300w, https:\/\/www.chapelle-montligeon.fr\/wp-content\/uploads\/DSCN2966-768x576.jpg 768w, https:\/\/www.chapelle-montligeon.fr\/wp-content\/uploads\/DSCN2966-600x450.jpg 600w\" sizes=\"auto, (max-width: 300px) 100vw, 300px\" \/><\/p>\n<p>&nbsp;<\/p>\n<h3><em><strong>Grand Tour du Massif R\u00e9no-Valdieu<\/strong><\/em><\/h3>\n<p>Circuit de 22kms &#8211; 6h\u00a0 \u00a0(variante de 17,5 kms &#8211; 4h50)<\/p>\n<p><a href=\"https:\/\/www.chapelle-montligeon.fr\/wp-content\/uploads\/carte-Sud-Le-Grand-Tour-du-Massif-R\u00e9no-Valdieu.pdf\">carte Sud Le Grand Tour du Massif R\u00e9no-Valdieu<\/a><\/p>\n<p><a href=\"https:\/\/www.chapelle-montligeon.fr\/wp-content\/uploads\/carte-Nord-Le-Grand-Tour-du-Massif-R\u00e9no-Valdieu.pdf\">carte Nord Le Grand Tour du Massif R\u00e9no-Valdieu<\/a><\/p>\n<p><a href=\"https:\/\/www.chapelle-montligeon.fr\/wp-content\/uploads\/Fiche-randonn\u00e9e-Le-Grand-Tour-du-Massif-R\u00e9no-Valdieu.pdf\">Fiche randonn\u00e9e Le Grand Tour du Massif R\u00e9no-Valdieu<\/a><\/p>\n<p>&nbsp;<\/p>\n<p>&nbsp;<\/p>\n<p>&nbsp;<\/p>\n<p>&nbsp;<\/p>\n","protected":false},"excerpt":{"rendered":"<p>RANDONN\u00c9ES P\u00c9DESTRES\u00a0\u00a0\u00a0\u00a0 5 ITIN\u00c9RAIRES DE PROMENADES ET RANDONN\u00c9ES Chaque itin\u00e9raire comporte une d\u00e9nomination (que l&rsquo;on retrouve sur un panneau de balisage aux bifurcations de circuits sur l&rsquo;ensemble du Massif R\u00e9no-Valdieu), un kilom\u00e9trage et une dur\u00e9e moyenne de marche. Cette\u00a0dur\u00e9e correspond \u00e0 une marche accomplie \u00e0 la vitesse d&rsquo;environ 3,5 kms\/heure.\u00a0Il\u00a0est pr\u00e9f\u00e9rable de\u00a0respecter le sens du &hellip; <\/p>\n<p><a class=\"more-link btn\" href=\"https:\/\/www.chapelle-montligeon.fr\/?page_id=96\">Lire la suite<\/a><\/p>\n","protected":false},"author":2,"featured_media":0,"parent":349,"menu_order":20,"comment_status":"closed","ping_status":"closed","template":"","meta":{"footnotes":""},"class_list":["post-96","page","type-page","status-publish","hentry","nodate","item-wrap"],"_links":{"self":[{"href":"https:\/\/www.chapelle-montligeon.fr\/index.php?rest_route=\/wp\/v2\/pages\/96","targetHints":{"allow":["GET"]}}],"collection":[{"href":"https:\/\/www.chapelle-montligeon.fr\/index.php?rest_route=\/wp\/v2\/pages"}],"about":[{"href":"https:\/\/www.chapelle-montligeon.fr\/index.php?rest_route=\/wp\/v2\/types\/page"}],"author":[{"embeddable":true,"href":"https:\/\/www.chapelle-montligeon.fr\/index.php?rest_route=\/wp\/v2\/users\/2"}],"replies":[{"embeddable":true,"href":"https:\/\/www.chapelle-montligeon.fr\/index.php?rest_route=%2Fwp%2Fv2%2Fcomments&post=96"}],"version-history":[{"count":40,"href":"https:\/\/www.chapelle-montligeon.fr\/index.php?rest_route=\/wp\/v2\/pages\/96\/revisions"}],"predecessor-version":[{"id":1811,"href":"https:\/\/www.chapelle-montligeon.fr\/index.php?rest_route=\/wp\/v2\/pages\/96\/revisions\/1811"}],"up":[{"embeddable":true,"href":"https:\/\/www.chapelle-montligeon.fr\/index.php?rest_route=\/wp\/v2\/pages\/349"}],"wp:attachment":[{"href":"https:\/\/www.chapelle-montligeon.fr\/index.php?rest_route=%2Fwp%2Fv2%2Fmedia&parent=96"}],"curies":[{"name":"wp","href":"https:\/\/api.w.org\/{rel}","templated":true}]}}